{"id":20,"date":"2023-10-19T08:44:07","date_gmt":"2023-10-19T08:44:07","guid":{"rendered":"https:\/\/www.jezdeckyklubmnisek.cz\/?page_id=20"},"modified":"2026-01-30T07:13:23","modified_gmt":"2026-01-30T07:13:23","slug":"domu","status":"publish","type":"page","link":"https:\/\/www.jezdeckyklubmnisek.cz\/","title":{"rendered":"Dom\u016f"},"content":{"rendered":"\n<p>Jezdeck\u00fd klub Mn\u00ed\u0161ek pod Brdy je z\u00e1jmov\u00e9 sdru\u017een\u00ed, kter\u00e9 si klade za c\u00edl propojit v\u0161echny, kte\u0159\u00ed by se cht\u011bli v\u011bnovat p\u00e9\u010di o p\u0159\u00edrodu a zv\u00ed\u0159ata s t\u011bmi, kdo jim to umo\u017en\u00ed. <\/p>\n\n\n\n<p>C\u00edlem sdru\u017een\u00ed je umo\u017enit kontakt s p\u0159\u00edrodou a zv\u00ed\u0159aty zejm\u00e9na d\u011btem, student\u016fm, senior\u016fm, nebo hendikapovan\u00fdm.<\/p>\n\n\n\n<p>M\u00e1te li z\u00e1jem o na\u0161e slu\u017eby, nev\u00e1hejte n\u00e1s <a data-type=\"page\" data-id=\"22\" href=\"https:\/\/www.jezdeckyklubmnisek.cz\/?page_id=22\">kontaktovat<\/a>. <\/p>\n\n\n\n<p class=\"has-text-align-center\">Na Pololetn\u00ed a Jarn\u00ed pr\u00e1zdniny nab\u00edz\u00edme proj\u00ed\u017edky na pon\u00edc\u00edch. <\/p>\n\n\n<div class=\"wp-block-image\">\n<figure class=\"aligncenter size-large\"><img loading=\"lazy\" decoding=\"async\" width=\"683\" height=\"1024\" src=\"https:\/\/www.jezdeckyklubmnisek.cz\/wp-content\/uploads\/2026\/01\/Jarni-prazdniny-26-jezdecky-klub-683x1024.jpeg\" alt=\"\" class=\"wp-image-153\" srcset=\"https:\/\/www.jezdeckyklubmnisek.cz\/wp-content\/uploads\/2026\/01\/Jarni-prazdniny-26-jezdecky-klub-683x1024.jpeg 683w, https:\/\/www.jezdeckyklubmnisek.cz\/wp-content\/uploads\/2026\/01\/Jarni-prazdniny-26-jezdecky-klub-200x300.jpeg 200w, https:\/\/www.jezdeckyklubmnisek.cz\/wp-content\/uploads\/2026\/01\/Jarni-prazdniny-26-jezdecky-klub-768x1152.jpeg 768w, https:\/\/www.jezdeckyklubmnisek.cz\/wp-content\/uploads\/2026\/01\/Jarni-prazdniny-26-jezdecky-klub.jpeg 1024w\" sizes=\"auto, (max-width: 683px) 100vw, 683px\" \/><\/figure>\n<\/div>","protected":false},"excerpt":{"rendered":"<p>Jezdeck\u00fd klub Mn\u00ed\u0161ek pod Brdy je z\u00e1jmov\u00e9 sdru\u017een\u00ed, kter\u00e9 si klade za c\u00edl propojit v\u0161echny, kte\u0159\u00ed by se cht\u011bli v\u011bnovat p\u00e9\u010di o p\u0159\u00edrodu a zv\u00ed\u0159ata s t\u011bmi, kdo jim to umo\u017en\u00ed. C\u00edlem sdru\u017een\u00ed je umo\u017enit kontakt s p\u0159\u00edrodou a zv\u00ed\u0159aty zejm\u00e9na d\u011btem, student\u016fm, senior\u016fm, nebo hendikapovan\u00fdm. M\u00e1te li z\u00e1jem o na\u0161e slu\u017eby, nev\u00e1hejte n\u00e1s kontaktovat. &hellip; <\/p>\n<p class=\"link-more\"><a href=\"https:\/\/www.jezdeckyklubmnisek.cz\/\" class=\"more-link\">Pokra\u010dovat ve \u010dten\u00ed<span class=\"screen-reader-text\"> &#8222;Dom\u016f&#8220;<\/span><\/a><\/p>\n","protected":false},"author":1,"featured_media":0,"parent":0,"menu_order":0,"comment_status":"closed","ping_status":"closed","template":"","meta":{"footnotes":""},"class_list":["post-20","page","type-page","status-publish","hentry"],"yoast_head":"<!-- This site is optimized with the Yoast SEO plugin v27.5 - https:\/\/yoast.com\/product\/yoast-seo-wordpress\/ -->\n<title>Dom\u016f - jezdeckyklubmnisek.cz<\/title>\n<meta name=\"robots\" content=\"index, follow, max-snippet:-1, max-image-preview:large, max-video-preview:-1\" \/>\n<link rel=\"canonical\" href=\"https:\/\/www.jezdeckyklubmnisek.cz\/\" \/>\n<meta property=\"og:locale\" content=\"cs_CZ\" \/>\n<meta property=\"og:type\" content=\"article\" \/>\n<meta property=\"og:title\" content=\"Dom\u016f - jezdeckyklubmnisek.cz\" \/>\n<meta property=\"og:description\" content=\"Jezdeck\u00fd klub Mn\u00ed\u0161ek pod Brdy je z\u00e1jmov\u00e9 sdru\u017een\u00ed, kter\u00e9 si klade za c\u00edl propojit v\u0161echny, kte\u0159\u00ed by se cht\u011bli v\u011bnovat p\u00e9\u010di o p\u0159\u00edrodu a zv\u00ed\u0159ata s t\u011bmi, kdo jim to umo\u017en\u00ed. C\u00edlem sdru\u017een\u00ed je umo\u017enit kontakt s p\u0159\u00edrodou a zv\u00ed\u0159aty zejm\u00e9na d\u011btem, student\u016fm, senior\u016fm, nebo hendikapovan\u00fdm. M\u00e1te li z\u00e1jem o na\u0161e slu\u017eby, nev\u00e1hejte n\u00e1s kontaktovat. &hellip; Pokra\u010dovat ve \u010dten\u00ed &quot;Dom\u016f&quot;\" \/>\n<meta property=\"og:url\" content=\"https:\/\/www.jezdeckyklubmnisek.cz\/\" \/>\n<meta property=\"og:site_name\" content=\"jezdeckyklubmnisek.cz\" \/>\n<meta property=\"article:modified_time\" content=\"2026-01-30T07:13:23+00:00\" \/>\n<meta property=\"og:image\" content=\"https:\/\/www.jezdeckyklubmnisek.cz\/wp-content\/uploads\/2026\/01\/Jarni-prazdniny-26-jezdecky-klub.jpeg\" \/>\n\t<meta property=\"og:image:width\" content=\"1024\" \/>\n\t<meta property=\"og:image:height\" content=\"1536\" \/>\n\t<meta property=\"og:image:type\" content=\"image\/jpeg\" \/>\n<meta name=\"twitter:card\" content=\"summary_large_image\" \/>\n<meta name=\"twitter:label1\" content=\"Odhadovan\u00e1 doba \u010dten\u00ed\" \/>\n\t<meta name=\"twitter:data1\" content=\"1 minuta\" \/>\n<script type=\"application\/ld+json\" class=\"yoast-schema-graph\">{\"@context\":\"https:\\\/\\\/schema.org\",\"@graph\":[{\"@type\":\"WebPage\",\"@id\":\"https:\\\/\\\/www.jezdeckyklubmnisek.cz\\\/\",\"url\":\"https:\\\/\\\/www.jezdeckyklubmnisek.cz\\\/\",\"name\":\"Dom\u016f - jezdeckyklubmnisek.cz\",\"isPartOf\":{\"@id\":\"https:\\\/\\\/www.jezdeckyklubmnisek.cz\\\/#website\"},\"primaryImageOfPage\":{\"@id\":\"https:\\\/\\\/www.jezdeckyklubmnisek.cz\\\/#primaryimage\"},\"image\":{\"@id\":\"https:\\\/\\\/www.jezdeckyklubmnisek.cz\\\/#primaryimage\"},\"thumbnailUrl\":\"https:\\\/\\\/www.jezdeckyklubmnisek.cz\\\/wp-content\\\/uploads\\\/2026\\\/01\\\/Jarni-prazdniny-26-jezdecky-klub-683x1024.jpeg\",\"datePublished\":\"2023-10-19T08:44:07+00:00\",\"dateModified\":\"2026-01-30T07:13:23+00:00\",\"breadcrumb\":{\"@id\":\"https:\\\/\\\/www.jezdeckyklubmnisek.cz\\\/#breadcrumb\"},\"inLanguage\":\"cs\",\"potentialAction\":[{\"@type\":\"ReadAction\",\"target\":[\"https:\\\/\\\/www.jezdeckyklubmnisek.cz\\\/\"]}]},{\"@type\":\"ImageObject\",\"inLanguage\":\"cs\",\"@id\":\"https:\\\/\\\/www.jezdeckyklubmnisek.cz\\\/#primaryimage\",\"url\":\"https:\\\/\\\/www.jezdeckyklubmnisek.cz\\\/wp-content\\\/uploads\\\/2026\\\/01\\\/Jarni-prazdniny-26-jezdecky-klub.jpeg\",\"contentUrl\":\"https:\\\/\\\/www.jezdeckyklubmnisek.cz\\\/wp-content\\\/uploads\\\/2026\\\/01\\\/Jarni-prazdniny-26-jezdecky-klub.jpeg\",\"width\":1024,\"height\":1536},{\"@type\":\"BreadcrumbList\",\"@id\":\"https:\\\/\\\/www.jezdeckyklubmnisek.cz\\\/#breadcrumb\",\"itemListElement\":[{\"@type\":\"ListItem\",\"position\":1,\"name\":\"Dom\u016f\",\"item\":\"https:\\\/\\\/www.jezdeckyklubmnisek.cz\\\/\"},{\"@type\":\"ListItem\",\"position\":2,\"name\":\"Dom\u016f\"}]},{\"@type\":\"WebSite\",\"@id\":\"https:\\\/\\\/www.jezdeckyklubmnisek.cz\\\/#website\",\"url\":\"https:\\\/\\\/www.jezdeckyklubmnisek.cz\\\/\",\"name\":\"jezdeckyklubmnisek.cz\",\"description\":\"\",\"potentialAction\":[{\"@type\":\"SearchAction\",\"target\":{\"@type\":\"EntryPoint\",\"urlTemplate\":\"https:\\\/\\\/www.jezdeckyklubmnisek.cz\\\/?s={search_term_string}\"},\"query-input\":{\"@type\":\"PropertyValueSpecification\",\"valueRequired\":true,\"valueName\":\"search_term_string\"}}],\"inLanguage\":\"cs\"}]}<\/script>\n<!-- \/ Yoast SEO plugin. -->","yoast_head_json":{"title":"Dom\u016f - jezdeckyklubmnisek.cz","robots":{"index":"index","follow":"follow","max-snippet":"max-snippet:-1","max-image-preview":"max-image-preview:large","max-video-preview":"max-video-preview:-1"},"canonical":"https:\/\/www.jezdeckyklubmnisek.cz\/","og_locale":"cs_CZ","og_type":"article","og_title":"Dom\u016f - jezdeckyklubmnisek.cz","og_description":"Jezdeck\u00fd klub Mn\u00ed\u0161ek pod Brdy je z\u00e1jmov\u00e9 sdru\u017een\u00ed, kter\u00e9 si klade za c\u00edl propojit v\u0161echny, kte\u0159\u00ed by se cht\u011bli v\u011bnovat p\u00e9\u010di o p\u0159\u00edrodu a zv\u00ed\u0159ata s t\u011bmi, kdo jim to umo\u017en\u00ed. C\u00edlem sdru\u017een\u00ed je umo\u017enit kontakt s p\u0159\u00edrodou a zv\u00ed\u0159aty zejm\u00e9na d\u011btem, student\u016fm, senior\u016fm, nebo hendikapovan\u00fdm. M\u00e1te li z\u00e1jem o na\u0161e slu\u017eby, nev\u00e1hejte n\u00e1s kontaktovat. &hellip; Pokra\u010dovat ve \u010dten\u00ed \"Dom\u016f\"","og_url":"https:\/\/www.jezdeckyklubmnisek.cz\/","og_site_name":"jezdeckyklubmnisek.cz","article_modified_time":"2026-01-30T07:13:23+00:00","og_image":[{"width":1024,"height":1536,"url":"https:\/\/www.jezdeckyklubmnisek.cz\/wp-content\/uploads\/2026\/01\/Jarni-prazdniny-26-jezdecky-klub.jpeg","type":"image\/jpeg"}],"twitter_card":"summary_large_image","twitter_misc":{"Odhadovan\u00e1 doba \u010dten\u00ed":"1 minuta"},"schema":{"@context":"https:\/\/schema.org","@graph":[{"@type":"WebPage","@id":"https:\/\/www.jezdeckyklubmnisek.cz\/","url":"https:\/\/www.jezdeckyklubmnisek.cz\/","name":"Dom\u016f - jezdeckyklubmnisek.cz","isPartOf":{"@id":"https:\/\/www.jezdeckyklubmnisek.cz\/#website"},"primaryImageOfPage":{"@id":"https:\/\/www.jezdeckyklubmnisek.cz\/#primaryimage"},"image":{"@id":"https:\/\/www.jezdeckyklubmnisek.cz\/#primaryimage"},"thumbnailUrl":"https:\/\/www.jezdeckyklubmnisek.cz\/wp-content\/uploads\/2026\/01\/Jarni-prazdniny-26-jezdecky-klub-683x1024.jpeg","datePublished":"2023-10-19T08:44:07+00:00","dateModified":"2026-01-30T07:13:23+00:00","breadcrumb":{"@id":"https:\/\/www.jezdeckyklubmnisek.cz\/#breadcrumb"},"inLanguage":"cs","potentialAction":[{"@type":"ReadAction","target":["https:\/\/www.jezdeckyklubmnisek.cz\/"]}]},{"@type":"ImageObject","inLanguage":"cs","@id":"https:\/\/www.jezdeckyklubmnisek.cz\/#primaryimage","url":"https:\/\/www.jezdeckyklubmnisek.cz\/wp-content\/uploads\/2026\/01\/Jarni-prazdniny-26-jezdecky-klub.jpeg","contentUrl":"https:\/\/www.jezdeckyklubmnisek.cz\/wp-content\/uploads\/2026\/01\/Jarni-prazdniny-26-jezdecky-klub.jpeg","width":1024,"height":1536},{"@type":"BreadcrumbList","@id":"https:\/\/www.jezdeckyklubmnisek.cz\/#breadcrumb","itemListElement":[{"@type":"ListItem","position":1,"name":"Dom\u016f","item":"https:\/\/www.jezdeckyklubmnisek.cz\/"},{"@type":"ListItem","position":2,"name":"Dom\u016f"}]},{"@type":"WebSite","@id":"https:\/\/www.jezdeckyklubmnisek.cz\/#website","url":"https:\/\/www.jezdeckyklubmnisek.cz\/","name":"jezdeckyklubmnisek.cz","description":"","potentialAction":[{"@type":"SearchAction","target":{"@type":"EntryPoint","urlTemplate":"https:\/\/www.jezdeckyklubmnisek.cz\/?s={search_term_string}"},"query-input":{"@type":"PropertyValueSpecification","valueRequired":true,"valueName":"search_term_string"}}],"inLanguage":"cs"}]}},"_links":{"self":[{"href":"https:\/\/www.jezdeckyklubmnisek.cz\/index.php?rest_route=\/wp\/v2\/pages\/20","targetHints":{"allow":["GET"]}}],"collection":[{"href":"https:\/\/www.jezdeckyklubmnisek.cz\/index.php?rest_route=\/wp\/v2\/pages"}],"about":[{"href":"https:\/\/www.jezdeckyklubmnisek.cz\/index.php?rest_route=\/wp\/v2\/types\/page"}],"author":[{"embeddable":true,"href":"https:\/\/www.jezdeckyklubmnisek.cz\/index.php?rest_route=\/wp\/v2\/users\/1"}],"replies":[{"embeddable":true,"href":"https:\/\/www.jezdeckyklubmnisek.cz\/index.php?rest_route=%2Fwp%2Fv2%2Fcomments&post=20"}],"version-history":[{"count":7,"href":"https:\/\/www.jezdeckyklubmnisek.cz\/index.php?rest_route=\/wp\/v2\/pages\/20\/revisions"}],"predecessor-version":[{"id":154,"href":"https:\/\/www.jezdeckyklubmnisek.cz\/index.php?rest_route=\/wp\/v2\/pages\/20\/revisions\/154"}],"wp:attachment":[{"href":"https:\/\/www.jezdeckyklubmnisek.cz\/index.php?rest_route=%2Fwp%2Fv2%2Fmedia&parent=20"}],"curies":[{"name":"wp","href":"https:\/\/api.w.org\/{rel}","templated":true}]}}